{"id":6,"date":"2014-09-21T21:34:55","date_gmt":"2014-09-21T20:34:55","guid":{"rendered":"http:\/\/mjleclerc.org\/wordpress\/?page_id=6"},"modified":"2017-11-14T17:08:06","modified_gmt":"2017-11-14T22:08:06","slug":"page-2","status":"publish","type":"page","link":"http:\/\/mjleclerc.org\/wordpress\/page-2\/","title":{"rendered":"Ateliers d&rsquo;arch\u00e9types"},"content":{"rendered":"<p><\/p>\n<h3><a name=\"top\"><\/a><img loading=\"lazy\" decoding=\"async\" class=\" alignleft size-full wp-image-73\" src=\"http:\/\/mjleclerc.org\/wordpress\/wp-content\/uploads\/2014\/10\/IMG_1037-2web.jpg\" alt=\"x\" width=\"400\" height=\"515\" srcset=\"http:\/\/mjleclerc.org\/wordpress\/wp-content\/uploads\/2014\/10\/IMG_1037-2web.jpg 400w, http:\/\/mjleclerc.org\/wordpress\/wp-content\/uploads\/2014\/10\/IMG_1037-2web-233x300.jpg 233w\" sizes=\"auto, (max-width: 400px) 100vw, 400px\" \/>Corporalit\u00e9 et rituels<\/h3>\n<p><strong>La v\u00e9rit\u00e9 du corps est concr\u00e8te. Par sa forme, ses tensions et ses charges, ses forces et ses faiblesses, notre corps exprime en tout temps les mille facettes de notre caract\u00e8re : celles que l\u2019on conna\u00eet bien autant que celles dont nous sommes moins conscients. Lorsque nous prenons le temps de l\u2019\u00e9couter, notre corps est un puissant r\u00e9v\u00e9lateur d\u2019<a href=\"#archetypes\">arch\u00e9types<\/a><\/strong>.<\/p>\n<p>Lors des ateliers d&rsquo;arch\u00e9types, le <strong>ressenti corporel<\/strong> des participants est associ\u00e9 aux outils formidables que sont les <strong>pratiques rituelles<\/strong>. Le support de mises en sc\u00e8nes sacr\u00e9es, de l\u2019imaginaire, du <em>storytelling<\/em>, de la m\u00e9ditation, l\u2019\u00e9criture, du dessin, du mouvement, etc., permet d\u2019\u00eatre en <strong>interaction directe avec les arch\u00e9types personnels<\/strong> qui sont port\u00e9s par le corps.<\/p>\n<p>Ces <a title=\"Ritual workshops\" href=\"#archetypes\">arch\u00e9types<\/a> facilitent le contact avec les <strong>ressources plus myst\u00e9rieuses de la psych\u00e9<\/strong>. On y puise de <strong>profonds enseignements<\/strong> et leur <strong>potentiel transformateur<\/strong> est mis au service de notre \u00e9volution d\u2019\u00eatre humain. Ainsi se cr\u00e9e un espace de <strong>gu\u00e9rison pour le corps et d&rsquo;ouverture pour le coeur<\/strong>.<\/p>\n<p>De plus, la <strong>dynamique du groupe<\/strong> offre un cadre o\u00f9 les participants sont mis au service de leurs partenaires, et b\u00e9n\u00e9ficient en retour de la m\u00eame attention. Ainsi se cr\u00e9\u00e9 une <strong>synergie o\u00f9 la richesse du travail accompli par chacun fertilise la d\u00e9marche de tous<\/strong>.<\/p>\n<p class=\"p1\"><span class=\"s1\">\u00c0 la fois <strong>ludiques et sinc\u00e8res<\/strong>, les ateliers d&rsquo;arch\u00e9types\u00a0<strong>font bouger les choses en profondeur<\/strong>; l\u2019int\u00e9gration du travail accompli se poursuivra ensuite au fil des semaines et des mois.\u00a0Comme ils se d\u00e9ploient toujours <strong>sur la base du ressenti pr\u00e9sent<\/strong>, on pourrait faire chaque atelier-rituel <strong>plusieurs fois<\/strong> sans qu\u2019il y ait de r\u00e9p\u00e9tition.\u00a0<\/span><\/p>\n<p><img loading=\"lazy\" decoding=\"async\" class=\"alignleft size-full wp-image-206\" style=\"margin-top: 0px; margin-bottom: 10px;\" src=\"http:\/\/mjleclerc.org\/wordpress\/wp-content\/uploads\/2014\/10\/horline-pale.png\" alt=\"\" width=\"1140\" height=\"128\" \/><\/p>\n<h3><img loading=\"lazy\" decoding=\"async\" class=\"alignright size-medium wp-image-158\" src=\"http:\/\/mjleclerc.org\/wordpress\/wp-content\/uploads\/2014\/10\/handbuddha-225x300.jpg\" alt=\"handbuddha\" width=\"225\" height=\"300\" srcset=\"http:\/\/mjleclerc.org\/wordpress\/wp-content\/uploads\/2014\/10\/handbuddha-225x300.jpg 225w, http:\/\/mjleclerc.org\/wordpress\/wp-content\/uploads\/2014\/10\/handbuddha.jpg 400w\" sizes=\"auto, (max-width: 225px) 100vw, 225px\" \/>DIALOGUES D\u2019ARCH\u00c9TYPES<\/h3>\n<p>Notre personnalit\u00e9 est un <strong>composite d&rsquo;aspects arch\u00e9typaux<\/strong> qui per\u00e7oivent la r\u00e9alit\u00e9 selon des points de vues diff\u00e9rents qui sont tous valides mais qui sont parfois <strong>en d\u00e9saccord, ou m\u00eame en opposition<\/strong>. Notre corps est la <strong>manifestation physique<\/strong> de ces dynamiques: elles y cr\u00e9ent de <strong>l\u2019inconfort, des tensions, du d\u00e9s\u00e9quilibre<\/strong>.<\/p>\n<p>En suivant les pistes offertes par leurs <strong>sensations corporelles<\/strong>, les participants seront guid\u00e9s \u00e0 travers une progression d\u2019exercices leur permettant d\u2019<strong>identifier deux arch\u00e9types personnels<\/strong> qui sont pr\u00e9sentement la source de conflits int\u00e9rieurs. Un <strong>rituel d\u2019harmonisation<\/strong> entre ces arch\u00e9type mettra en lumi\u00e8re leurs <strong>diff\u00e9rentes perspectives<\/strong> puis les aidera \u00e0 forger de <strong>nouveaux accords o\u00f9 les besoins de l\u2019un et de l\u2019autre seront mieux respect\u00e9s dans la vie de tous les jours<\/strong>.<\/p>\n<p><br clear=\"all\" \/><img loading=\"lazy\" decoding=\"async\" class=\"alignleft size-full wp-image-206\" src=\"http:\/\/mjleclerc.org\/wordpress\/wp-content\/uploads\/2014\/10\/horline-pale.png\" alt=\"\" width=\"1140\" height=\"128\" \/><\/p>\n<h3>LA MARCHE DE L\u2019ARCH\u00c9TYPE<span class=\"\" style=\"display:block;clear:both;height: 0px;padding-top: 20px;border-top-width:0px;border-bottom-width:0px;\"><\/span><\/h3>\n<p><img loading=\"lazy\" decoding=\"async\" class=\"alignleft size-medium wp-image-101\" style=\"margin-top: 0px; margin-bottom: 10px;\" src=\"http:\/\/mjleclerc.org\/wordpress\/wp-content\/uploads\/2014\/10\/darkbuddha-225x300.jpg\" alt=\"\" width=\"225\" height=\"300\" srcset=\"http:\/\/mjleclerc.org\/wordpress\/wp-content\/uploads\/2014\/10\/darkbuddha-225x300.jpg 225w, http:\/\/mjleclerc.org\/wordpress\/wp-content\/uploads\/2014\/10\/darkbuddha.jpg 400w\" sizes=\"auto, (max-width: 225px) 100vw, 225px\" \/>La <strong>d\u00e9marche<\/strong> de chacun d\u2019entre nous est unique. <strong>Ses caract\u00e9ristiques<\/strong> positives autant que ses contraintes et limites expriment la nature de notre relation \u00e0 la r\u00e9alit\u00e9 : <strong>on marche dans le monde comme on chemine dans la vie<\/strong>.<\/p>\n<p>Au fil des rites et exercices propos\u00e9s dans cet atelier d&rsquo;arch\u00e9types, les participants vont <strong>reconna\u00eetre l\u2019arch\u00e9type personnel<\/strong> qui s\u2019exprime actuellement par leur fa\u00e7on de bouger, puis s\u2019y relier plus profond\u00e9ment pour <strong>exp\u00e9rimenter de l\u2019int\u00e9rieur la sagesse qui lui est particuli\u00e8re, d\u00e9couvrir les portes qu\u2019il permet d\u2019ouvrir, et activer les ressources qui lui sont propres<\/strong>.<\/p>\n<p><br clear=\"all\" \/><img loading=\"lazy\" decoding=\"async\" class=\"alignleft size-full wp-image-206\" style=\"margin-top: 20px; margin-bottom: 10px;\" src=\"http:\/\/mjleclerc.org\/wordpress\/wp-content\/uploads\/2014\/10\/horline-pale.png\" alt=\"\" width=\"1140\" height=\"128\" \/><\/p>\n<h3><\/h3>\n<h3>\u00a0Atelier d&rsquo;arch\u00e9type L\u2019ARCH\u00c9TYPE DU DIVIN<span class=\"\" style=\"display:block;clear:both;height: 0px;padding-top: 20px;border-top-width:0px;border-bottom-width:0px;\"><\/span><\/h3>\n<p><strong><a href=\"http:\/\/mjleclerc.org\/wordpress\/wp-content\/uploads\/2014\/10\/IMG_1035web-e1476298573996.jpg\"><img loading=\"lazy\" decoding=\"async\" class=\" size-full wp-image-72 alignright\" src=\"http:\/\/mjleclerc.org\/wordpress\/wp-content\/uploads\/2014\/10\/IMG_1035web-e1476298573996.jpg\" alt=\"IMG_1035web\" width=\"200\" height=\"267\" \/><\/a>Chaque \u00eatre humain est porteur d\u2019une \u00e9tincelle divine<\/strong>. Cet atelier d&rsquo;arch\u00e9types\u00a0<strong>la r\u00e9v\u00e9lera,\u00a0<\/strong>telle qu\u2019elle s\u2019exprime dans le corps de chaque participant.<\/p>\n<p>Ces parcelles individuelles seront ensuite assembl\u00e9es de mani\u00e8re ritualis\u00e9e, en un tout plus grand que l\u2019ensemble de ses parties. Un <strong>arch\u00e9type divin \u00e9mergera alors des profondeurs de la psych\u00e9 collective du groupe<\/strong>. Celui-ci sera honor\u00e9, puis consult\u00e9 lors d\u2019un <strong>rituel chamanique<\/strong>, afin que chacun en re\u00e7oive <strong>guidance, inspiration, expansion de la conscience et gu\u00e9rison<\/strong>.<\/p>\n<p>Enfin il sera rendu \u00e0 l\u2019inconscient, o\u00f9 <strong>le travail de transformation initi\u00e9 par cette exp\u00e9rience se poursuivra et s&rsquo;int\u00e9grera au fil de la vie de tous les jours<\/strong>.<\/p>\n<p><br clear=\"all\" \/><img loading=\"lazy\" decoding=\"async\" id=\"archetypes\" class=\"alignleft size-full wp-image-206\" style=\"margin-top: 5px; margin-bottom: 10px;\" src=\"http:\/\/mjleclerc.org\/wordpress\/wp-content\/uploads\/2014\/10\/horline-pale.png\" alt=\"\" width=\"1140\" height=\"128\" \/><\/p>\n<h3><img loading=\"lazy\" decoding=\"async\" class=\"alignleft size-full wp-image-158\" src=\"http:\/\/mjleclerc.org\/wordpress\/wp-content\/uploads\/2014\/10\/IMG_1049.jpg\" alt=\"\" width=\"400\" height=\"533\" \/>Que sont les Arch\u00e9types ?<\/h3>\n<p><strong>Les arch\u00e9types sont des mod\u00e8les<\/strong> relatifs aux diff\u00e9rents aspects de la psych\u00e9 humaine. M\u00eame si ils varient selon les cultures et les \u00e9poques, <strong>ils transcendent le temps et les croyances<\/strong>.<\/p>\n<p>Quelques <strong>familles d\u2019arch\u00e9types<\/strong> mieux connues sont les dieux des mythologies grecques et romaines, les personnages de la commedia dell\u2019arte, les 22 arcanes majeures du Tarot de Marseille, les 12 arch\u00e9types jungiens, les personnages des contes, les animaux tot\u00e9miques des cultures indig\u00e8nes, les \u00e9l\u00e9ments, les saisons, etc. <strong>Ils peuvent aussi bien avoir forme humaine, qu\u2019animale ou surnaturelle, ou \u00eatre des objets<\/strong>.<\/p>\n<p>En nous reliant aux arch\u00e9types nous reconnaissons que <strong>nos circonstances personnelles sont des manifestations ponctuelles de th\u00e8mes qui sont universels et atemporels<\/strong>. Cette conscience nous permet de nous connecter aux <strong>ressources de l\u2019inconscient collectif<\/strong>, soit l\u2019h\u00e9ritage issu de l\u2019ensemble de l\u2019exp\u00e9rience humaine, dont nous sommes tous r\u00e9cipiendaires.<\/p>\n<p>Ce <strong>bagage myst\u00e9rieux<\/strong> contient toutes les dynamiques probl\u00e9matiques qui sont li\u00e9es \u00e0 la condition humaine, ainsi que les <strong>strat\u00e9gies qui permettent de les d\u00e9nouer<\/strong>.<\/p>\n<p><strong>D\u2019autres ont march\u00e9 sur le chemin avant nous. Si leurs traces sont invisibles, elles sont pourtant bien l\u00e0, bien inscrites dans les profondeurs de notre subconscient. Le travail avec les arch\u00e9types permet d\u2019y d\u00e9poser nos pieds pour avancer, pas \u00e0 pas<\/strong>. \u00a0 <a href=\"#top\">Haut de la page<\/a><\/p>\n<p style=\"text-align: center;\"><a href=\"http:\/\/mjleclerc.org\/wordpress\/wp-content\/uploads\/2014\/10\/horline-pale.png\"><img loading=\"lazy\" decoding=\"async\" class=\"alignnone size-full wp-image-224\" src=\"http:\/\/mjleclerc.org\/wordpress\/wp-content\/uploads\/2014\/10\/horline-pale.png\" alt=\"horline-pale\" width=\"1140\" height=\"128\" srcset=\"http:\/\/mjleclerc.org\/wordpress\/wp-content\/uploads\/2014\/10\/horline-pale.png 1140w, http:\/\/mjleclerc.org\/wordpress\/wp-content\/uploads\/2014\/10\/horline-pale-300x33.png 300w, http:\/\/mjleclerc.org\/wordpress\/wp-content\/uploads\/2014\/10\/horline-pale-1024x114.png 1024w\" sizes=\"auto, (max-width: 1140px) 100vw, 1140px\" \/><\/a><\/p>\n<h5><strong><span class=\"\" style=\"display:block;clear:both;height: 0px;padding-top: 20px;border-top-width:0px;border-bottom-width:0px;\"><\/span><\/strong>Pour voir le calendrier des prochains ateliers-rituels, aller au\u00a0menu lat\u00e9ral, \u00e0 droite, et cliquer sur : LISTE DE TOUS LES \u00c9V\u00c9NEMENTS<\/h5>\n<p><strong><em>Important : Les participants doivent \u00eatre pr\u00e9sents d\u00e8s le d\u00e9but de l\u2019atelier d&rsquo;arch\u00e9types ; les retardataires ne pourront pas int\u00e9grer un atelier qui est d\u00e9j\u00e0 commenc\u00e9.<\/em><\/strong><\/p>","protected":false},"excerpt":{"rendered":"<p>Corporalit\u00e9 et rituels La v\u00e9rit\u00e9 du corps est concr\u00e8te. Par sa forme, ses tensions et ses charges, ses forces et ses faiblesses, notre corps exprime en tout temps les mille facettes de notre caract\u00e8re : celles que l\u2019on conna\u00eet bien autant que celles dont nous sommes moins conscients. Lorsque nous prenons le temps de l\u2019\u00e9couter, [&hellip;]<\/p>\n","protected":false},"author":1,"featured_media":0,"parent":0,"menu_order":0,"comment_status":"closed","ping_status":"open","template":"","meta":{"footnotes":""},"class_list":["post-6","page","type-page","status-publish","hentry"],"yoast_head":"<!-- This site is optimized with the Yoast SEO plugin v24.5 - https:\/\/yoast.com\/wordpress\/plugins\/seo\/ -->\n<title>Ateliers d&#039;arch\u00e9types - Marie-Jos\u00e9 Leclerc<\/title>\n<meta name=\"description\" content=\"[:fr]Ateliers d&#039;arch\u00e9types[:en]Archetype Workshops[:] - Rolfing and Spiritual workshops - Marie-Jos\u00e9 Leclerc\" \/>\n<meta name=\"robots\" content=\"index, follow, max-snippet:-1, max-image-preview:large, max-video-preview:-1\" \/>\n<link rel=\"canonical\" href=\"https:\/\/mjleclerc.org\/wordpress\/page-2\/\" \/>\n<meta property=\"og:locale\" content=\"fr_FR\" \/>\n<meta property=\"og:type\" content=\"article\" \/>\n<meta property=\"og:title\" content=\"[:fr]Ateliers d&#039;arch\u00e9types[:en]Archetype Workshops[:] - Marie-Jos\u00e9 Leclerc\" \/>\n<meta property=\"og:description\" content=\"[:fr]Ateliers d&#039;arch\u00e9types[:en]Archetype Workshops[:] - Rolfing and Spiritual workshops - Marie-Jos\u00e9 Leclerc\" \/>\n<meta property=\"og:url\" content=\"https:\/\/mjleclerc.org\/wordpress\/page-2\/\" \/>\n<meta property=\"og:site_name\" content=\"Marie-Jos\u00e9 Leclerc\" \/>\n<meta property=\"article:modified_time\" content=\"2017-11-14T22:08:06+00:00\" \/>\n<meta property=\"og:image\" content=\"http:\/\/mjleclerc.org\/wordpress\/wp-content\/uploads\/2014\/10\/IMG_1037-2web.jpg\" \/>\n<meta name=\"twitter:card\" content=\"summary_large_image\" \/>\n<meta name=\"twitter:label1\" content=\"Dur\u00e9e de lecture estim\u00e9e\" \/>\n\t<meta name=\"twitter:data1\" content=\"9 minutes\" \/>\n<script type=\"application\/ld+json\" class=\"yoast-schema-graph\">{\"@context\":\"https:\/\/schema.org\",\"@graph\":[{\"@type\":\"WebPage\",\"@id\":\"https:\/\/mjleclerc.org\/wordpress\/page-2\/\",\"url\":\"https:\/\/mjleclerc.org\/wordpress\/page-2\/\",\"name\":\"[:fr]Ateliers d'arch\u00e9types[:en]Archetype Workshops[:] - Marie-Jos\u00e9 Leclerc\",\"isPartOf\":{\"@id\":\"http:\/\/mjleclerc.org\/wordpress\/#website\"},\"primaryImageOfPage\":{\"@id\":\"https:\/\/mjleclerc.org\/wordpress\/page-2\/#primaryimage\"},\"image\":{\"@id\":\"https:\/\/mjleclerc.org\/wordpress\/page-2\/#primaryimage\"},\"thumbnailUrl\":\"http:\/\/mjleclerc.org\/wordpress\/wp-content\/uploads\/2014\/10\/IMG_1037-2web.jpg\",\"datePublished\":\"2014-09-21T20:34:55+00:00\",\"dateModified\":\"2017-11-14T22:08:06+00:00\",\"description\":\"[:fr]Ateliers d'arch\u00e9types[:en]Archetype Workshops[:] - Rolfing and Spiritual workshops - Marie-Jos\u00e9 Leclerc\",\"breadcrumb\":{\"@id\":\"https:\/\/mjleclerc.org\/wordpress\/page-2\/#breadcrumb\"},\"inLanguage\":\"fr-FR\",\"potentialAction\":[{\"@type\":\"ReadAction\",\"target\":[\"https:\/\/mjleclerc.org\/wordpress\/page-2\/\"]}]},{\"@type\":\"ImageObject\",\"inLanguage\":\"fr-FR\",\"@id\":\"https:\/\/mjleclerc.org\/wordpress\/page-2\/#primaryimage\",\"url\":\"http:\/\/mjleclerc.org\/wordpress\/wp-content\/uploads\/2014\/10\/IMG_1037-2web.jpg\",\"contentUrl\":\"http:\/\/mjleclerc.org\/wordpress\/wp-content\/uploads\/2014\/10\/IMG_1037-2web.jpg\",\"width\":400,\"height\":515,\"caption\":\"x\"},{\"@type\":\"BreadcrumbList\",\"@id\":\"https:\/\/mjleclerc.org\/wordpress\/page-2\/#breadcrumb\",\"itemListElement\":[{\"@type\":\"ListItem\",\"position\":1,\"name\":\"Home\",\"item\":\"http:\/\/mjleclerc.org\/wordpress\/?lang=en\"},{\"@type\":\"ListItem\",\"position\":2,\"name\":\"Ateliers d&rsquo;arch\u00e9types\"}]},{\"@type\":\"WebSite\",\"@id\":\"http:\/\/mjleclerc.org\/wordpress\/#website\",\"url\":\"http:\/\/mjleclerc.org\/wordpress\/\",\"name\":\"Marie-Jos\u00e9 Leclerc\",\"description\":\"Rolfing and Spiritual workshops\",\"potentialAction\":[{\"@type\":\"SearchAction\",\"target\":{\"@type\":\"EntryPoint\",\"urlTemplate\":\"http:\/\/mjleclerc.org\/wordpress\/?s={search_term_string}\"},\"query-input\":{\"@type\":\"PropertyValueSpecification\",\"valueRequired\":true,\"valueName\":\"search_term_string\"}}],\"inLanguage\":\"fr-FR\"}]}<\/script>\n<!-- \/ Yoast SEO plugin. -->","yoast_head_json":{"title":"[:fr]Ateliers d'arch\u00e9types[:en]Archetype Workshops[:] - Marie-Jos\u00e9 Leclerc","description":"[:fr]Ateliers d'arch\u00e9types[:en]Archetype Workshops[:] - Rolfing and Spiritual workshops - Marie-Jos\u00e9 Leclerc","robots":{"index":"index","follow":"follow","max-snippet":"max-snippet:-1","max-image-preview":"max-image-preview:large","max-video-preview":"max-video-preview:-1"},"canonical":"https:\/\/mjleclerc.org\/wordpress\/page-2\/","og_locale":"fr_FR","og_type":"article","og_title":"[:fr]Ateliers d'arch\u00e9types[:en]Archetype Workshops[:] - Marie-Jos\u00e9 Leclerc","og_description":"[:fr]Ateliers d'arch\u00e9types[:en]Archetype Workshops[:] - Rolfing and Spiritual workshops - Marie-Jos\u00e9 Leclerc","og_url":"https:\/\/mjleclerc.org\/wordpress\/page-2\/","og_site_name":"Marie-Jos\u00e9 Leclerc","article_modified_time":"2017-11-14T22:08:06+00:00","og_image":[{"url":"http:\/\/mjleclerc.org\/wordpress\/wp-content\/uploads\/2014\/10\/IMG_1037-2web.jpg","type":"","width":"","height":""}],"twitter_card":"summary_large_image","twitter_misc":{"Dur\u00e9e de lecture estim\u00e9e":"9 minutes"},"schema":{"@context":"https:\/\/schema.org","@graph":[{"@type":"WebPage","@id":"https:\/\/mjleclerc.org\/wordpress\/page-2\/","url":"https:\/\/mjleclerc.org\/wordpress\/page-2\/","name":"[:fr]Ateliers d'arch\u00e9types[:en]Archetype Workshops[:] - Marie-Jos\u00e9 Leclerc","isPartOf":{"@id":"http:\/\/mjleclerc.org\/wordpress\/#website"},"primaryImageOfPage":{"@id":"https:\/\/mjleclerc.org\/wordpress\/page-2\/#primaryimage"},"image":{"@id":"https:\/\/mjleclerc.org\/wordpress\/page-2\/#primaryimage"},"thumbnailUrl":"http:\/\/mjleclerc.org\/wordpress\/wp-content\/uploads\/2014\/10\/IMG_1037-2web.jpg","datePublished":"2014-09-21T20:34:55+00:00","dateModified":"2017-11-14T22:08:06+00:00","description":"[:fr]Ateliers d'arch\u00e9types[:en]Archetype Workshops[:] - Rolfing and Spiritual workshops - Marie-Jos\u00e9 Leclerc","breadcrumb":{"@id":"https:\/\/mjleclerc.org\/wordpress\/page-2\/#breadcrumb"},"inLanguage":"fr-FR","potentialAction":[{"@type":"ReadAction","target":["https:\/\/mjleclerc.org\/wordpress\/page-2\/"]}]},{"@type":"ImageObject","inLanguage":"fr-FR","@id":"https:\/\/mjleclerc.org\/wordpress\/page-2\/#primaryimage","url":"http:\/\/mjleclerc.org\/wordpress\/wp-content\/uploads\/2014\/10\/IMG_1037-2web.jpg","contentUrl":"http:\/\/mjleclerc.org\/wordpress\/wp-content\/uploads\/2014\/10\/IMG_1037-2web.jpg","width":400,"height":515,"caption":"x"},{"@type":"BreadcrumbList","@id":"https:\/\/mjleclerc.org\/wordpress\/page-2\/#breadcrumb","itemListElement":[{"@type":"ListItem","position":1,"name":"Home","item":"http:\/\/mjleclerc.org\/wordpress\/?lang=en"},{"@type":"ListItem","position":2,"name":"Ateliers d&rsquo;arch\u00e9types"}]},{"@type":"WebSite","@id":"http:\/\/mjleclerc.org\/wordpress\/#website","url":"http:\/\/mjleclerc.org\/wordpress\/","name":"Marie-Jos\u00e9 Leclerc","description":"Rolfing and Spiritual workshops","potentialAction":[{"@type":"SearchAction","target":{"@type":"EntryPoint","urlTemplate":"http:\/\/mjleclerc.org\/wordpress\/?s={search_term_string}"},"query-input":{"@type":"PropertyValueSpecification","valueRequired":true,"valueName":"search_term_string"}}],"inLanguage":"fr-FR"}]}},"_links":{"self":[{"href":"http:\/\/mjleclerc.org\/wordpress\/wp-json\/wp\/v2\/pages\/6","targetHints":{"allow":["GET"]}}],"collection":[{"href":"http:\/\/mjleclerc.org\/wordpress\/wp-json\/wp\/v2\/pages"}],"about":[{"href":"http:\/\/mjleclerc.org\/wordpress\/wp-json\/wp\/v2\/types\/page"}],"author":[{"embeddable":true,"href":"http:\/\/mjleclerc.org\/wordpress\/wp-json\/wp\/v2\/users\/1"}],"replies":[{"embeddable":true,"href":"http:\/\/mjleclerc.org\/wordpress\/wp-json\/wp\/v2\/comments?post=6"}],"version-history":[{"count":123,"href":"http:\/\/mjleclerc.org\/wordpress\/wp-json\/wp\/v2\/pages\/6\/revisions"}],"predecessor-version":[{"id":808,"href":"http:\/\/mjleclerc.org\/wordpress\/wp-json\/wp\/v2\/pages\/6\/revisions\/808"}],"wp:attachment":[{"href":"http:\/\/mjleclerc.org\/wordpress\/wp-json\/wp\/v2\/media?parent=6"}],"curies":[{"name":"wp","href":"https:\/\/api.w.org\/{rel}","templated":true}]}}